{"id":22,"date":"2014-05-01T18:11:20","date_gmt":"2014-05-01T16:11:20","guid":{"rendered":"http:\/\/www.heimatverein-jevenstedt.de\/wordpress\/?page_id=22"},"modified":"2014-05-01T20:20:02","modified_gmt":"2014-05-01T18:20:02","slug":"schmiedemuseum","status":"publish","type":"page","link":"https:\/\/www.heimatverein-jevenstedt.de\/wordpress\/?page_id=22","title":{"rendered":"Schmiedemuseum"},"content":{"rendered":"<div id=\"scroll_text\">\n<div id=\"scrolltext\" class=\"Flies_Text\">\n<p class=\"Flies_Text\" align=\"left\">Der Heimatverein Jevenstedt wurde am 13. September 1989 von den 7 Jevenstedter B\u00fcrgern Sievert Nickels, Horst Jungjohann, Johannes Tiedemann, Hans-Jakob Nickels, Johann Nickels, Maike Neben und Andreas Kerber gegr\u00fcndet.<\/p>\n<p class=\"Flies_Text\" align=\"left\">Am 11. M\u00e4rz 1991 wurde von Christian T\u00f6nsfeldt die alte Schmiede gepachtet, von deren Restaurierung wir hier berichten wollen.<\/p>\n<p class=\"Flies_Text\" align=\"left\">Diese alte 1\/4 Hufe geh\u00f6rte zu den so genannten obersten Vierteln. Der Sage nach soll diese 1\/4 Hufe urspr\u00fcnglich in uralten Zeiten von der Stammhufe abgelegte Katenstelle sein, die sp\u00e4ter als Viertelhufe angesetzt wurde.<\/p>\n<p class=\"Flies_Text\" align=\"left\">Eine Kate war \u00fcblicherweise \u2013 im Gegensatz zur Hufe des Vollbauern (Hufner) \u2013 im Regelfall lediglich mit einem kleinen St\u00fcck Land zur Selbstversorgung und Nebenerwerbslandwirtschaft ausgestattet. (Quelle: Wikipedia)<\/p>\n<p class=\"Flies_Text\" align=\"left\">Seit 1946 arbeitete Arnold Neben sen. in dieser Schmiede f\u00fcr Deputat (Naturalleistungen). 1956 baute er in der Meiereistra\u00dfe in Jevenstedt eine neue Schmiede in der sein Sohn Arnold seine T\u00e4tigkeit aufnahm. Die Einrichtung dieser Schmiede wurde freundlicher Weise dem Heimatverein von der Familie Neben zur Verf\u00fcgung gestellt.<\/p>\n<p>Mit Hilfe von Sponsoren, ans\u00e4ssigen Firmen und Spenden von privaten Personen konnte die Restaurierung des Geb\u00e4udes in die Planung gehen. Um an g\u00fcnstiges Baumaterial zu gelangen, wandte man sich \u00a0an die Abteilung der unteren Denkmalpflege des Kreises Rendsburg Eckernf\u00f6rde. Darauf hin wurde eine Ortsbesichtigung und eingehende Pr\u00fcfung des Geb\u00e4udes am 16. Februar 1992 vorgenommen.<\/p>\n<p class=\"Flies_Text\" align=\"left\">Von der Landgesellschaft wurde das Projekt ebenfalls besichtigt und es f\u00fcr W\u00fcrdig befunden, es in die Dorferneuerung aufzunehmen. Von dort wurde dann die Baugenehmigung beantragt, die am 16. Juni 1992 vorzeitig zum Baubeginn erteilt wurde.<\/p>\n<p>Am 9. Januar 1993 konnte dann mit der Restaurierung des Geb\u00e4udes begonnen werden. Wie es der Zufall wollte, suchte der THW ein \u00dcbungsprojekt zum abtragen von D\u00e4chern. Es bot sich daher an, den THW mit dem Abtragen des Daches zu beauftragen.<\/p>\n<figure id=\"attachment_62\" aria-describedby=\"caption-attachment-62\" style=\"width: 300px\" class=\"wp-caption alignnone\"><img loading=\"lazy\" decoding=\"async\" class=\"wp-image-62 size-medium\" src=\"http:\/\/www.heimatverein-jevenstedt.de\/wordpress\/wp-content\/uploads\/2014\/05\/0193_5-300x207.jpg\" alt=\"0193_5\" width=\"300\" height=\"207\" srcset=\"https:\/\/www.heimatverein-jevenstedt.de\/wordpress\/wp-content\/uploads\/2014\/05\/0193_5-300x207.jpg 300w, https:\/\/www.heimatverein-jevenstedt.de\/wordpress\/wp-content\/uploads\/2014\/05\/0193_5.jpg 567w\" sizes=\"auto, (max-width: 300px) 100vw, 300px\" \/><figcaption id=\"caption-attachment-62\" class=\"wp-caption-text\">Das THW beim Abtragen des Daches<\/figcaption><\/figure>\n<p>Die Fa. Claus Pahl baute f\u00fcr uns das Fachwerk, wobei der untere Balken aus Eiche und die Gefache aus Kiefernholz gefertigt wurden. Das Kiefernholz stammte aus einer abgerissenen Tischlerei, Werft Saatsee, und war bereits ca. 80 Jahre alt. Die Aufstellung erfolgte im Juni 1993. Die Steine wurden uns freundlicher Weise von der Abteilung der unteren Denkmalpflege des Kreises Rendsburg-Eckernf\u00f6rde zur Verf\u00fcgung gestellt.<\/p>\n<figure id=\"attachment_63\" aria-describedby=\"caption-attachment-63\" style=\"width: 300px\" class=\"wp-caption alignnone\"><img loading=\"lazy\" decoding=\"async\" class=\"wp-image-63 size-medium\" src=\"http:\/\/www.heimatverein-jevenstedt.de\/wordpress\/wp-content\/uploads\/2014\/05\/0194_1-300x202.jpg\" alt=\"0194_1\" width=\"300\" height=\"202\" srcset=\"https:\/\/www.heimatverein-jevenstedt.de\/wordpress\/wp-content\/uploads\/2014\/05\/0194_1-300x202.jpg 300w, https:\/\/www.heimatverein-jevenstedt.de\/wordpress\/wp-content\/uploads\/2014\/05\/0194_1.jpg 567w\" sizes=\"auto, (max-width: 300px) 100vw, 300px\" \/><figcaption id=\"caption-attachment-63\" class=\"wp-caption-text\">Aufstellung des Fachwerks<\/figcaption><\/figure>\n<p class=\"Flies_Text\" align=\"left\">Farbanstrich und die Verglasung erfolgte durch Markus G\u00f6ttsche. Der Schlu\u00dfanstrich erfolgte am Sonntagmorgen zum Erntefest im Oktober 1993.<\/p>\n<p>Im Oktober 1993 wurde sich dann dem Mauerwerk an der Westseite zugewandt. Voraussetzung war, m\u00f6glichst immer in der damaligen Bauweise vorzugehen. Der M\u00f6rtel wurde daher in einem Mischungsverh\u00e4ltnis aus 1:3\u00a0 &#8211; 1 Teil Kalk, 1,5 Teile scharfer Sand und 1,5 Teile Seesand &#8211; angemischt. Um eine besondere Festigkeit zu bekommen, wurden schlie\u00dflich noch einige Kuhhaare dem M\u00f6rtel beigegeben. An den St\u00e4ndern wurden noch Dreieckleisten aus Eiche aufgenagelt. Die Steine wurden an den Enden keilf\u00f6rmig ausgeschnitten.<\/p>\n<p>Stilechte Dachpfannen erhielten wir durch die Vermittlung von Heinz Sievers. Sein Schwiegersohn hatte an seinem Wirtschaftsgeb\u00e4ude einen Sturmschaden. Vor \u00fcber 80 Jahren war das Geb\u00e4ude neu eingedeckt worden. Die Pfannen wurden von uns abgetragen und vor deren neuen Verwendung mit einem Hochdruckreiniger gereinigt.<\/p>\n<p>&nbsp;<br \/>\nDie alten Deckenbalken wurden begutachtet, und wir kamen zu dem Entschlu\u00df, dass diese bis auf einen ersetzt werden mussten. Hinrich Rohwer wu\u00dfte Rat. Deckenbalken erhielten wir von ihm. Diese waren schon \u00fcber 200 Jahre alt und wurden bereits in der alten Schule in Schwabe sowie in seinem Stallgeb\u00e4ude verbaut.<\/p>\n<figure id=\"attachment_64\" aria-describedby=\"caption-attachment-64\" style=\"width: 300px\" class=\"wp-caption alignnone\"><img loading=\"lazy\" decoding=\"async\" class=\"wp-image-64 size-medium\" src=\"http:\/\/www.heimatverein-jevenstedt.de\/wordpress\/wp-content\/uploads\/2014\/05\/0994_0-300x200.jpg\" alt=\"0994_0\" width=\"300\" height=\"200\" srcset=\"https:\/\/www.heimatverein-jevenstedt.de\/wordpress\/wp-content\/uploads\/2014\/05\/0994_0-300x200.jpg 300w, https:\/\/www.heimatverein-jevenstedt.de\/wordpress\/wp-content\/uploads\/2014\/05\/0994_0.jpg 567w\" sizes=\"auto, (max-width: 300px) 100vw, 300px\" \/><figcaption id=\"caption-attachment-64\" class=\"wp-caption-text\">Begutachtung der Balken<\/figcaption><\/figure>\n<p>&nbsp;<br \/>\nDer gr\u00f6\u00dfte Teil der Sparren konnte wieder verwendet werden. Einige Sparren erhielten wir vom abgebrannten Pastorat. Diese sind noch gut zu erkennen.<\/p>\n<p>Die Deckenbalken wurden mit einem Kran vom Krandienst Nord aufgelegt, und der Dachstuhl konnte zusammengebaut werden. Bei fast allen Balken mu\u00dften allerdings neue Zapfenl\u00f6cher sowie Zapfen hergestellt werden. Der Zusammenbau des Dachstuhles selbst erfolgte mit Holzn\u00e4geln. Anschlie\u00dfend wurde der Dachstuhl verbrettert und mit Teerpappe benagelt.<\/p>\n<figure id=\"attachment_65\" aria-describedby=\"caption-attachment-65\" style=\"width: 300px\" class=\"wp-caption alignnone\"><a href=\"http:\/\/www.heimatverein-jevenstedt.de\/wordpress\/wp-content\/uploads\/2014\/05\/0994_2.jpg\"><img loading=\"lazy\" decoding=\"async\" class=\"size-medium wp-image-65\" src=\"http:\/\/www.heimatverein-jevenstedt.de\/wordpress\/wp-content\/uploads\/2014\/05\/0994_2-300x200.jpg\" alt=\"Krandienst Nord bei der Arbeit\" width=\"300\" height=\"200\" srcset=\"https:\/\/www.heimatverein-jevenstedt.de\/wordpress\/wp-content\/uploads\/2014\/05\/0994_2-300x200.jpg 300w, https:\/\/www.heimatverein-jevenstedt.de\/wordpress\/wp-content\/uploads\/2014\/05\/0994_2.jpg 567w\" sizes=\"auto, (max-width: 300px) 100vw, 300px\" \/><\/a><figcaption id=\"caption-attachment-65\" class=\"wp-caption-text\">Krandienst Nord bei der Arbeit<\/figcaption><\/figure>\n<p>Am 20. April 1994 konnte das Richtfest gefeiert werden. Bedeckt wurde das Dach schlie\u00dflich am 12.11.1994.<\/p>\n<figure id=\"attachment_66\" aria-describedby=\"caption-attachment-66\" style=\"width: 300px\" class=\"wp-caption alignnone\"><a href=\"http:\/\/www.heimatverein-jevenstedt.de\/wordpress\/wp-content\/uploads\/2014\/05\/0994_7.jpg\"><img loading=\"lazy\" decoding=\"async\" class=\"size-medium wp-image-66\" src=\"http:\/\/www.heimatverein-jevenstedt.de\/wordpress\/wp-content\/uploads\/2014\/05\/0994_7-300x200.jpg\" alt=\"Aufstellen des Dachstuhls\" width=\"300\" height=\"200\" srcset=\"https:\/\/www.heimatverein-jevenstedt.de\/wordpress\/wp-content\/uploads\/2014\/05\/0994_7-300x200.jpg 300w, https:\/\/www.heimatverein-jevenstedt.de\/wordpress\/wp-content\/uploads\/2014\/05\/0994_7.jpg 567w\" sizes=\"auto, (max-width: 300px) 100vw, 300px\" \/><\/a><figcaption id=\"caption-attachment-66\" class=\"wp-caption-text\">Aufstellen des Dachstuhls<\/figcaption><\/figure>\n<p>&nbsp;<br \/>\nIm Mai 1995 ging es dann weiter, und der Lehm konnte in die Schmiede gebracht werden. Der Lehm (bestehend aus 2 Sorten) erhielten wir aus der Kiesgrube in Peissen. Wilhelm Sievers aus Luhnstedt hatte uns den Lehm vermittelt und auch geliefert.<\/p>\n<figure id=\"attachment_69\" aria-describedby=\"caption-attachment-69\" style=\"width: 300px\" class=\"wp-caption alignnone\"><a href=\"http:\/\/www.heimatverein-jevenstedt.de\/wordpress\/wp-content\/uploads\/2014\/05\/0195_6.jpg\"><img loading=\"lazy\" decoding=\"async\" class=\"size-medium wp-image-69\" src=\"http:\/\/www.heimatverein-jevenstedt.de\/wordpress\/wp-content\/uploads\/2014\/05\/0195_6-300x201.jpg\" alt=\"Der Lehm wird festgetreten\" width=\"300\" height=\"201\" srcset=\"https:\/\/www.heimatverein-jevenstedt.de\/wordpress\/wp-content\/uploads\/2014\/05\/0195_6-300x201.jpg 300w, https:\/\/www.heimatverein-jevenstedt.de\/wordpress\/wp-content\/uploads\/2014\/05\/0195_6.jpg 567w\" sizes=\"auto, (max-width: 300px) 100vw, 300px\" \/><\/a><figcaption id=\"caption-attachment-69\" class=\"wp-caption-text\">Der Lehm wird festgetreten<\/figcaption><\/figure>\n<p>&nbsp;<br \/>\nAm 10.06.1995 wurde die Kl\u00f6nt\u00fcr aus Eiche eingebaut. Diese hatte die Fa. Niesewendt gebaut. Die T\u00fcrh\u00e4ngen erhielten wir von dem Schmied Timm aus Oldenh\u00fctten, der uns auch die Zapfen geschmiedet hatte. Die Giebel wurden aus L\u00e4rche gefertigt.<\/p>\n<figure id=\"attachment_67\" aria-describedby=\"caption-attachment-67\" style=\"width: 204px\" class=\"wp-caption alignnone\"><a href=\"http:\/\/www.heimatverein-jevenstedt.de\/wordpress\/wp-content\/uploads\/2014\/05\/0995_3.jpg\"><img loading=\"lazy\" decoding=\"async\" class=\"size-medium wp-image-67\" src=\"http:\/\/www.heimatverein-jevenstedt.de\/wordpress\/wp-content\/uploads\/2014\/05\/0995_3-204x300.jpg\" alt=\"Die Kl\u00f6nt\u00fcr\" width=\"204\" height=\"300\" srcset=\"https:\/\/www.heimatverein-jevenstedt.de\/wordpress\/wp-content\/uploads\/2014\/05\/0995_3-204x300.jpg 204w, https:\/\/www.heimatverein-jevenstedt.de\/wordpress\/wp-content\/uploads\/2014\/05\/0995_3.jpg 386w\" sizes=\"auto, (max-width: 204px) 100vw, 204px\" \/><\/a><figcaption id=\"caption-attachment-67\" class=\"wp-caption-text\">Die Kl\u00f6nt\u00fcr<\/figcaption><\/figure>\n<p>&nbsp;<\/p>\n<p>An der Stra\u00dfenseite wurde wegen dem angrenzendem Fu\u00dfweg noch eine Dachrinne angebaut. An der Hofseite durfte allerdings keine Dachrinne angebracht werden. Die Steine auf dem Hof wurden von Christian T\u00f6nsfeldt gelegt.<\/p>\n<figure id=\"attachment_68\" aria-describedby=\"caption-attachment-68\" style=\"width: 300px\" class=\"wp-caption alignnone\"><a href=\"http:\/\/www.heimatverein-jevenstedt.de\/wordpress\/wp-content\/uploads\/2014\/05\/Dorffest-97_1.jpg\"><img loading=\"lazy\" decoding=\"async\" class=\"size-medium wp-image-68\" src=\"http:\/\/www.heimatverein-jevenstedt.de\/wordpress\/wp-content\/uploads\/2014\/05\/Dorffest-97_1-300x200.jpg\" alt=\"Vorderansicht des Museums\" width=\"300\" height=\"200\" srcset=\"https:\/\/www.heimatverein-jevenstedt.de\/wordpress\/wp-content\/uploads\/2014\/05\/Dorffest-97_1-300x200.jpg 300w, https:\/\/www.heimatverein-jevenstedt.de\/wordpress\/wp-content\/uploads\/2014\/05\/Dorffest-97_1.jpg 567w\" sizes=\"auto, (max-width: 300px) 100vw, 300px\" \/><\/a><figcaption id=\"caption-attachment-68\" class=\"wp-caption-text\">Vorderansicht des Museums<\/figcaption><\/figure>\n<p>&nbsp;<\/p>\n<p>Die fertige Schmiede konnte dann endlich am 8. Oktober 1995 eingeweiht werden. Daf\u00fcr m\u00f6chten wir uns nochmals bei allen Beteiligten bedanken.<\/p>\n<p>Zur Zeit ist der Verein damit besch\u00e4ftigt, die einzelnen Gegenst\u00e4nde zu archivieren.<\/p>\n<p>Die Schmiede ist nach telefonischer<br \/>\nVereinbarung mit den Vorstandsmitgliedern ge\u00f6ffnet.<\/p>\n<p class=\"Text_Header\" align=\"left\">Erreichen k\u00f6nnen Sie uns wie <a title=\"Kontakt\" href=\"http:\/\/www.heimatverein-jevenstedt.de\/wordpress\/?page_id=31\">hier<\/a> aufgef\u00fchrt.<\/p>\n<p style=\"text-align: center;\"><strong class=\"Flies_Text\">Der deutsche Schmied.<\/strong><\/p>\n<p class=\"Flies_Text\" align=\"center\">1. Am Ambo\u00df steht der alte Schmied<br \/>\nund schwingt den Hammer und singt sein Lied.<\/p>\n<p class=\"Flies_Text\" align=\"center\">2. Er steht umlodert von Feuersglut,<br \/>\ndie Funken spritzen wie rotes Blut.<\/p>\n<p class=\"Flies_Text\" align=\"center\">3. Hell klingt der Ambo\u00df, kurz der Spruch:<br \/>\n&#8222;Drei Schl\u00e4ge tu` ich mit Segen und Fluch!<\/p>\n<p class=\"Flies_Text\" align=\"center\">4. Der erste schmiedet den Teufel fest,<br \/>\nda\u00df er den Welschen nicht siegen l\u00e4\u00dft.<\/p>\n<p class=\"Flies_Text\" align=\"center\">5. Den Erbfeind trifft der zweite Schlag,<br \/>\nda\u00df er sich nimmer r\u00fchren mag.<\/p>\n<p class=\"Flies_Text\" align=\"center\">6. Der dritte Schlag ert\u00f6ne rein,<br \/>\ner soll die deutsche Krone sein!&#8220; &#8211;<\/p>\n<p class=\"Flies_Text\" align=\"center\">7. Am Ambo\u00df steht der deutsche Schmied<br \/>\nund schwingt den Hammer und singt sein Lied.<\/p>\n<p class=\"Flies_Text\" align=\"center\">Konrad Ferdinand Meyer<\/p>\n<\/div>\n<\/div>\n","protected":false},"excerpt":{"rendered":"<p>Der Heimatverein Jevenstedt wurde am 13. September 1989 von den 7 Jevenstedter B\u00fcrgern Sievert Nickels, Horst Jungjohann, Johannes Tiedemann, Hans-Jakob Nickels, Johann Nickels, Maike Neben und Andreas Kerber gegr\u00fcndet. Am [&hellip;]<\/p>\n","protected":false},"author":1,"featured_media":0,"parent":19,"menu_order":0,"comment_status":"closed","ping_status":"closed","template":"","meta":{"_EventAllDay":false,"_EventTimezone":"","_EventStartDate":"","_EventEndDate":"","_EventStartDateUTC":"","_EventEndDateUTC":"","_EventShowMap":false,"_EventShowMapLink":false,"_EventURL":"","_EventCost":"","_EventCostDescription":"","_EventCurrencySymbol":"","_EventCurrencyCode":"","_EventCurrencyPosition":"","_EventDateTimeSeparator":"","_EventTimeRangeSeparator":"","_EventOrganizerID":[],"_EventVenueID":[],"_OrganizerEmail":"","_OrganizerPhone":"","_OrganizerWebsite":"","_VenueAddress":"","_VenueCity":"","_VenueCountry":"","_VenueProvince":"","_VenueState":"","_VenueZip":"","_VenuePhone":"","_VenueURL":"","_VenueStateProvince":"","_VenueLat":"","_VenueLng":"","_VenueShowMap":false,"_VenueShowMapLink":false,"footnotes":""},"class_list":["post-22","page","type-page","status-publish","hentry"],"_links":{"self":[{"href":"https:\/\/www.heimatverein-jevenstedt.de\/wordpress\/index.php?rest_route=\/wp\/v2\/pages\/22","targetHints":{"allow":["GET"]}}],"collection":[{"href":"https:\/\/www.heimatverein-jevenstedt.de\/wordpress\/index.php?rest_route=\/wp\/v2\/pages"}],"about":[{"href":"https:\/\/www.heimatverein-jevenstedt.de\/wordpress\/index.php?rest_route=\/wp\/v2\/types\/page"}],"author":[{"embeddable":true,"href":"https:\/\/www.heimatverein-jevenstedt.de\/wordpress\/index.php?rest_route=\/wp\/v2\/users\/1"}],"replies":[{"embeddable":true,"href":"https:\/\/www.heimatverein-jevenstedt.de\/wordpress\/index.php?rest_route=%2Fwp%2Fv2%2Fcomments&post=22"}],"version-history":[{"count":9,"href":"https:\/\/www.heimatverein-jevenstedt.de\/wordpress\/index.php?rest_route=\/wp\/v2\/pages\/22\/revisions"}],"predecessor-version":[{"id":74,"href":"https:\/\/www.heimatverein-jevenstedt.de\/wordpress\/index.php?rest_route=\/wp\/v2\/pages\/22\/revisions\/74"}],"up":[{"embeddable":true,"href":"https:\/\/www.heimatverein-jevenstedt.de\/wordpress\/index.php?rest_route=\/wp\/v2\/pages\/19"}],"wp:attachment":[{"href":"https:\/\/www.heimatverein-jevenstedt.de\/wordpress\/index.php?rest_route=%2Fwp%2Fv2%2Fmedia&parent=22"}],"curies":[{"name":"wp","href":"https:\/\/api.w.org\/{rel}","templated":true}]}}